{"id":119,"date":"2017-09-28T12:58:23","date_gmt":"2017-09-28T15:58:23","guid":{"rendered":"https:\/\/terra.ufpr.br\/laboclima\/?page_id=119"},"modified":"2026-02-06T17:19:51","modified_gmt":"2026-02-06T20:19:51","slug":"teses-e-dissertacoes","status":"publish","type":"page","link":"https:\/\/terra.ufpr.br\/laboclima\/teses-e-dissertacoes\/","title":{"rendered":"Teses e disserta\u00e7\u00f5es"},"content":{"rendered":"\n<p><strong>Teses de Doutorado<\/strong><\/p>\n\n\n\n<p class=\"has-small-font-size\"><a href=\"https:\/\/acervodigital.ufpr.br\/xmlui\/handle\/1884\/90209\" data-type=\"link\" data-id=\"https:\/\/acervodigital.ufpr.br\/xmlui\/handle\/1884\/90209\" target=\"_blank\" rel=\"noreferrer noopener\"><img loading=\"lazy\" decoding=\"async\" width=\"15\" height=\"15\" class=\"alignnone wp-image-230\" src=\"https:\/\/terra.ufpr.br\/laboclima\/wp-content\/uploads\/sites\/3\/2017\/09\/icons8-download.png\" alt=\"\"><\/a>&nbsp; Emerson Pawoski. Inunda\u00e7\u00f5es repentinas em Morretes\/PR &#8211; Caracter\u00edsticas, controle e solu\u00e7\u00f5es baseadas na natureza. (2024).<\/p>\n\n\n\n<p class=\"has-small-font-size\"><em><a href=\"https:\/\/acervodigital.ufpr.br\/xmlui\/handle\/1884\/85889\" data-type=\"link\" data-id=\"https:\/\/acervodigital.ufpr.br\/xmlui\/handle\/1884\/85889\" target=\"_blank\" rel=\"noreferrer noopener\"><img loading=\"lazy\" decoding=\"async\" width=\"15\" height=\"15\" class=\"alignnone wp-image-230\" src=\"https:\/\/terra.ufpr.br\/laboclima\/wp-content\/uploads\/sites\/3\/2017\/09\/icons8-download.png\" alt=\"\"><\/a><\/em>&nbsp; Gabriela Goudard. Intera\u00e7\u00f5es oceano-atmosfera e efeitos na variabilidade pluvial do clima Subtropical brasileiro. (2023).<\/p>\n\n\n\n<p class=\"has-small-font-size\"><a href=\"https:\/\/acervodigital.ufpr.br\/xmlui\/handle\/1884\/74716\" data-type=\"link\" data-id=\"https:\/\/acervodigital.ufpr.br\/xmlui\/handle\/1884\/74716\" target=\"_blank\" rel=\"noreferrer noopener\"><img loading=\"lazy\" decoding=\"async\" width=\"15\" height=\"15\" class=\"alignnone wp-image-230\" src=\"https:\/\/terra.ufpr.br\/laboclima\/wp-content\/uploads\/sites\/3\/2017\/09\/icons8-download.png\" alt=\"\"><\/a>&nbsp; Geisa Silveira da Rocha. A ilha de calor em ambiente costeiro e insular: O caso de Florian\u00f3polis \/ SC. (2021).<\/p>\n\n\n\n<p class=\"has-small-font-size\"><a href=\"https:\/\/acervodigital.ufpr.br\/handle\/1884\/69061\" data-type=\"link\" data-id=\"https:\/\/acervodigital.ufpr.br\/handle\/1884\/69061\" target=\"_blank\" rel=\"noreferrer noopener\"><img loading=\"lazy\" decoding=\"async\" width=\"15\" height=\"15\" class=\"alignnone wp-image-230\" src=\"https:\/\/terra.ufpr.br\/laboclima\/wp-content\/uploads\/sites\/3\/2017\/09\/icons8-download.png\" alt=\"\"><\/a>&nbsp; Elaiz Aparecida Mensch Buffon. Inunda\u00e7\u00f5es em \u00e1reas urbanas: proposi\u00e7\u00e3o conceitual-metodol\u00f3gica e sua aplica\u00e7\u00e3o na RMC &#8211; Regi\u00e3o Metropolitana de Curitiba. (2020).<\/p>\n\n\n\n<p class=\"has-small-font-size\"><a href=\"https:\/\/acervodigital.ufpr.br\/xmlui\/handle\/1884\/69568\" data-type=\"link\" data-id=\"https:\/\/acervodigital.ufpr.br\/xmlui\/handle\/1884\/69568\" target=\"_blank\" rel=\"noreferrer noopener\"><img loading=\"lazy\" decoding=\"async\" width=\"15\" height=\"15\" class=\"alignnone wp-image-230\" src=\"https:\/\/terra.ufpr.br\/laboclima\/wp-content\/uploads\/sites\/3\/2017\/09\/icons8-download.png\" alt=\"\"><\/a>&nbsp; Thiago Kich Foga\u00e7a. Zyka virus no Brasil &#8211; Ensaio sobre sua dimens\u00e3o socioespacial. (2020).<\/p>\n\n\n\n<p class=\"has-small-font-size\"><a href=\"https:\/\/acervodigital.ufpr.br\/handle\/1884\/69907\" data-type=\"link\" data-id=\"https:\/\/acervodigital.ufpr.br\/handle\/1884\/69907\" target=\"_blank\" rel=\"noreferrer noopener\"><img loading=\"lazy\" decoding=\"async\" width=\"15\" height=\"15\" class=\"alignnone wp-image-230\" src=\"https:\/\/terra.ufpr.br\/laboclima\/wp-content\/uploads\/sites\/3\/2017\/09\/icons8-download.png\" alt=\"\"><\/a> Flavio Cabreira dos Santos. A dengue em Campo Grande\/MS: vulnerabilidades e segrega\u00e7\u00e3o socioespacial a partir de uma perspectiva socioambiental. (2020).<\/p>\n\n\n\n<p class=\"has-small-font-size\"><a href=\"https:\/\/acervodigital.ufpr.br\/handle\/1884\/64796\" data-type=\"link\" data-id=\"https:\/\/acervodigital.ufpr.br\/handle\/1884\/64796\" target=\"_blank\" rel=\"noreferrer noopener\"><img loading=\"lazy\" decoding=\"async\" width=\"15\" height=\"15\" class=\"alignnone wp-image-230\" src=\"https:\/\/terra.ufpr.br\/laboclima\/wp-content\/uploads\/sites\/3\/2017\/09\/icons8-download.png\" alt=\"\"><\/a>&nbsp; Sheika Henri. Dengue&#8217;s fever in Jamaica : scenarios regarding climate change context. (2019).<\/p>\n\n\n\n<p class=\"has-small-font-size\"><img loading=\"lazy\" decoding=\"async\" class=\"alignnone wp-image-230\" src=\"https:\/\/terra.ufpr.br\/laboclima\/wp-content\/uploads\/sites\/3\/2017\/09\/icons8-download.png\" alt=\"\" width=\"15\" height=\"15\"> Daniel Delani. Dimens\u00f5es geogr\u00e1ficas dos saberes e pr\u00e1ticas das benzedeiras\/ores nos cuidados em sa\u00fade em Porto Velho\/RO. (2019).<\/p>\n\n\n\n<p class=\"has-small-font-size\"><a href=\"https:\/\/acervodigital.ufpr.br\/handle\/1884\/60524\" data-type=\"link\" data-id=\"https:\/\/acervodigital.ufpr.br\/handle\/1884\/60524\" target=\"_blank\" rel=\"noreferrer noopener\"><img loading=\"lazy\" decoding=\"async\" width=\"15\" height=\"15\" class=\"alignnone wp-image-230\" src=\"https:\/\/terra.ufpr.br\/laboclima\/wp-content\/uploads\/sites\/3\/2017\/09\/icons8-download.png\" alt=\"\"><\/a> Francisco Jablinsli Castelhano. Qualidade do ar no AUC (Aglomerado Urbano de Curitiba) &#8211; Configura\u00e7\u00e3o atual e perspectivas no \u00e2mbito das Mudan\u00e7as Clim\u00e1ticas Globais. (2019).<\/p>\n\n\n\n<p class=\"has-small-font-size\"><a href=\"https:\/\/acervodigital.ufpr.br\/handle\/1884\/66322\" data-type=\"link\" data-id=\"https:\/\/acervodigital.ufpr.br\/handle\/1884\/66322\" target=\"_blank\" rel=\"noreferrer noopener\"><img loading=\"lazy\" decoding=\"async\" width=\"15\" height=\"15\" class=\"alignnone wp-image-230\" src=\"https:\/\/terra.ufpr.br\/laboclima\/wp-content\/uploads\/sites\/3\/2017\/09\/icons8-download.png\" alt=\"\"><\/a> Ariadne Silvia de Farias. Inunda\u00e7\u00f5es urbanas em Francisco Beltr\u00e3o\/PR : riscos e vulnerabilidades socioambientais. (2019).<\/p>\n\n\n\n<p class=\"has-small-font-size\"><img loading=\"lazy\" decoding=\"async\" class=\"alignnone wp-image-230\" src=\"https:\/\/terra.ufpr.br\/laboclima\/wp-content\/uploads\/sites\/3\/2017\/09\/icons8-download.png\" alt=\"\" width=\"15\" height=\"15\"> Cardenito Colher. A mal\u00e1ria em Mo\u00e7ambique: Determinantes naturais e condiconantes sociais &#8211; Uma aboragem geogr\u00e1fica. (2019).<\/p>\n\n\n\n<p class=\"has-small-font-size\"><a href=\"https:\/\/repositorio.unesp.br\/bitstream\/handle\/11449\/180239\/font%c3%a3o_pab_dr_rcla.pdf\" target=\"_blank\" rel=\"noopener\"><img loading=\"lazy\" decoding=\"async\" class=\"alignnone wp-image-230\" src=\"https:\/\/terra.ufpr.br\/laboclima\/wp-content\/uploads\/sites\/3\/2017\/09\/icons8-download.png\" alt=\"\" width=\"15\" height=\"15\"><\/a>&nbsp; Pedro Augusto Breda Font\u00e3o. Varia\u00e7\u00f5es do ritmo pluvial na Regi\u00e3o Metropolitana de S\u00e3o Paulo: reflexos no armazenamento h\u00eddrico e impactos no abastecimento urbano. (2018).<\/p>\n\n\n\n<p class=\"has-small-font-size\"><img loading=\"lazy\" decoding=\"async\" class=\"alignnone wp-image-230\" src=\"https:\/\/terra.ufpr.br\/laboclima\/wp-content\/uploads\/sites\/3\/2017\/09\/icons8-download.png\" alt=\"\" width=\"15\" height=\"15\"> Wiviany Mattozo de Araujo. Pol\u00edticas publicas de de dengue na escala local: Uma perspectiva geogr\u00e1fica sobre as cidades do Rio de Janeiro\/RJ e Curitiba\/PR. (2018).<\/p>\n\n\n\n<p class=\"has-small-font-size\"><img loading=\"lazy\" decoding=\"async\" class=\"alignnone wp-image-230\" src=\"https:\/\/terra.ufpr.br\/laboclima\/wp-content\/uploads\/sites\/3\/2017\/09\/icons8-download.png\" alt=\"\" width=\"15\" height=\"15\">&nbsp; Gina Amelia Soete. Risco e vulnerabilidades socioambientais \u00e0 mal\u00e1ria na cidade de Quelimane \/ Mocambique. (2017).<\/p>\n\n\n\n<p class=\"has-small-font-size\"><a href=\"http:\/\/acervodigital.ufpr.br\/bitstream\/handle\/1884\/44034\/R%20-%20T%20-%20JOYDE%20GIACOMINI%20MARTINEZ.pdf\" target=\"_blank\" rel=\"noopener\"><img loading=\"lazy\" decoding=\"async\" class=\"alignnone wp-image-230\" src=\"https:\/\/terra.ufpr.br\/laboclima\/wp-content\/uploads\/sites\/3\/2017\/09\/icons8-download.png\" alt=\"\" width=\"15\" height=\"15\"><\/a>&nbsp; Joyde Giacomini Martinez. A governan\u00e7a clim\u00e1tica na regi\u00e3o metropolitana de Curitiba: Uma perspectiva critica interdisciplinar<\/p>\n\n\n\n<p class=\"has-small-font-size\"><a href=\"http:\/\/acervodigital.ufpr.br\/bitstream\/handle\/1884\/45152\/R%20-%20T%20-%20FELIPE%20VANHONI%20JORGE.pdf\" target=\"_blank\" rel=\"noopener\"><img loading=\"lazy\" decoding=\"async\" class=\"alignnone wp-image-230\" src=\"https:\/\/terra.ufpr.br\/laboclima\/wp-content\/uploads\/sites\/3\/2017\/09\/icons8-download.png\" alt=\"\" width=\"15\" height=\"15\"><\/a>&nbsp; Felipe Vanhoni Jorge. A din\u00e2mica pluvial no clima subtropical: Variabilidade e tend\u00eancia no sul do Brasil<\/p>\n\n\n\n<p class=\"has-small-font-size\"><a href=\"http:\/\/acervodigital.ufpr.br\/bitstream\/handle\/1884\/44481\/R%20-%20T%20-%20GABRIELA%20MARQUES%20PINHEIRO.pdf\" target=\"_blank\" rel=\"noopener\"><img loading=\"lazy\" decoding=\"async\" class=\"alignnone wp-image-230\" src=\"https:\/\/terra.ufpr.br\/laboclima\/wp-content\/uploads\/sites\/3\/2017\/09\/icons8-download.png\" alt=\"\" width=\"15\" height=\"15\"><\/a>&nbsp; Gabriela Marques Pinheiro. Variabilidade temporo-espacial da pluviosidade na bacia do Alto Igua\u00e7u<\/p>\n\n\n\n<p class=\"has-small-font-size\"><a href=\"http:\/\/acervodigital.ufpr.br\/bitstream\/handle\/1884\/43189\/R%20-%20T%20-%20LARISSA%20WARNAVIN.pdf\" target=\"_blank\" rel=\"noopener\"><img loading=\"lazy\" decoding=\"async\" class=\"alignnone wp-image-230\" src=\"https:\/\/terra.ufpr.br\/laboclima\/wp-content\/uploads\/sites\/3\/2017\/09\/icons8-download.png\" alt=\"\" width=\"15\" height=\"15\"><\/a>&nbsp; Larissa Warnavin. Prop\u00f3sitos geogr\u00e1ficos no campo ambiental: Fragmentos da geografia francesa e da geografia brasileira<\/p>\n\n\n\n<p class=\"has-small-font-size\"><a href=\"http:\/\/acervodigital.ufpr.br\/bitstream\/handle\/1884\/45781\/R%20-%20T%20-%20LEANDRO%20RAFAEL%20PINTO.pdf\" target=\"_blank\" rel=\"noopener\"><img loading=\"lazy\" decoding=\"async\" class=\"alignnone wp-image-230\" src=\"https:\/\/terra.ufpr.br\/laboclima\/wp-content\/uploads\/sites\/3\/2017\/09\/icons8-download.png\" alt=\"\" width=\"15\" height=\"15\"><\/a>&nbsp; Leandro Rafael Pinto. A abordagem socioambiental na geografia brasileira: Particularidades e tendencias<\/p>\n\n\n\n<p class=\"has-small-font-size\"><a href=\"http:\/\/acervodigital.ufpr.br\/bitstream\/handle\/1884\/38091\/R%20-%20T%20-%20XENIA%20DE%20CASTRO%20BARBOSA%20-%20TOMO%20I.pdf\" target=\"_blank\" rel=\"noopener\"><img loading=\"lazy\" decoding=\"async\" class=\"alignnone wp-image-230\" src=\"https:\/\/terra.ufpr.br\/laboclima\/wp-content\/uploads\/sites\/3\/2017\/09\/icons8-download.png\" alt=\"\" width=\"15\" height=\"15\"><\/a>&nbsp; Xenia de Castro Barbosa. Territ\u00f3rio e sa\u00fade: Pol\u00edticas p\u00fablicas de combate \u00e0 dengue em Porto Velho\/RO &#8211; 1999\/2013<\/p>\n\n\n\n<p class=\"has-small-font-size\"><a href=\"http:\/\/acervodigital.ufpr.br\/bitstream\/handle\/1884\/37677\/R%20-%20T%20-%20RAFAEL%20RODRIGUES%20DA%20FRANCA.pdf\" target=\"_blank\" rel=\"noopener\"><img loading=\"lazy\" decoding=\"async\" class=\"alignnone wp-image-230\" src=\"https:\/\/terra.ufpr.br\/laboclima\/wp-content\/uploads\/sites\/3\/2017\/09\/icons8-download.png\" alt=\"\" width=\"15\" height=\"15\"><\/a>&nbsp; Rafael Fran\u00e7a. Eventos pluviais extremos na Amaz\u00f4nia Meridional: Riscos e impactos em Rond\u00f4nia<\/p>\n\n\n\n<p class=\"has-small-font-size\"><a href=\"http:\/\/acervodigital.ufpr.br\/bitstream\/handle\/1884\/38008\/R%20-%20T%20-%20JOSE%20AQUINO%20JUNIOR.pdf\" target=\"_blank\" rel=\"noopener\"><img loading=\"lazy\" decoding=\"async\" class=\"alignnone wp-image-230\" src=\"https:\/\/terra.ufpr.br\/laboclima\/wp-content\/uploads\/sites\/3\/2017\/09\/icons8-download.png\" alt=\"\" width=\"15\" height=\"15\"><\/a>&nbsp; Jose Aquino Junior. A Dengue em \u00e1rea de fronteira internacional: Riscos e vulnerabilidades na tr\u00edplice fronteira de Foz do Igua\u00e7u<\/p>\n\n\n\n<p class=\"has-small-font-size\"><a href=\"http:\/\/acervodigital.ufpr.br\/bitstream\/handle\/1884\/36121\/R%20-%20T%20-%20LISANA%20KATIA%20SCHMITZ.pdf\" target=\"_blank\" rel=\"noopener\"><img loading=\"lazy\" decoding=\"async\" class=\"alignnone wp-image-230\" src=\"https:\/\/terra.ufpr.br\/laboclima\/wp-content\/uploads\/sites\/3\/2017\/09\/icons8-download.png\" alt=\"\" width=\"15\" height=\"15\"><\/a>&nbsp; Lisana Katia Schmitz. Reestrutura\u00e7\u00e3o urbana e conforto t\u00e9rmico em Curitiba\/PR: Diagn\u00f3stico, modelagem e cen\u00e1rios<\/p>\n\n\n\n<p class=\"has-small-font-size\"><a href=\"http:\/\/acervodigital.ufpr.br\/bitstream\/handle\/1884\/32043\/R%20-%20T%20-%20WILSON%20FLAVIO%20FELTRIM%20ROSEGHINI.pdf\" target=\"_blank\" rel=\"noopener\"><img loading=\"lazy\" decoding=\"async\" class=\"alignnone wp-image-230\" src=\"https:\/\/terra.ufpr.br\/laboclima\/wp-content\/uploads\/sites\/3\/2017\/09\/icons8-download.png\" alt=\"\" width=\"15\" height=\"15\"><\/a>&nbsp; Wilson Flavio Feltrim Roseghini. Clima urbano e dengue no centro-sudoeste do Brasil<\/p>\n\n\n\n<p class=\"has-small-font-size\"><a href=\"http:\/\/acervodigital.ufpr.br\/bitstream\/handle\/1884\/27666\/R%20-%20T%20-%20FRANCA%2c%20GEORGEANA%20BARBOSA%20DE.pdf\" target=\"_blank\" rel=\"noopener\"><img loading=\"lazy\" decoding=\"async\" class=\"alignnone wp-image-230\" src=\"https:\/\/terra.ufpr.br\/laboclima\/wp-content\/uploads\/sites\/3\/2017\/09\/icons8-download.png\" alt=\"\" width=\"15\" height=\"15\"><\/a>&nbsp; Georgeana Barbosa de Fran\u00e7a. Crise de energia e governan\u00e7a ambiental: Articula\u00e7\u00f5es de redes e territ\u00f3rios nas dimens\u00f5es global e local<\/p>\n\n\n\n<p class=\"has-small-font-size\"><a href=\"http:\/\/acervodigital.ufpr.br\/bitstream\/handle\/1884\/33907\/R%20-%20T%20-%20CLAUDIO%20JESUS%20DE%20OLIVEIRA%20ESTEVES.pdf\" target=\"_blank\" rel=\"noopener\"><img loading=\"lazy\" decoding=\"async\" class=\"alignnone wp-image-230\" src=\"https:\/\/terra.ufpr.br\/laboclima\/wp-content\/uploads\/sites\/3\/2017\/09\/icons8-download.png\" alt=\"\" width=\"15\" height=\"15\"><\/a>&nbsp; Claudio de Jesus Oliveira Esteves. Vulnerabilidade socioambiental na \u00e1rea de ocupa\u00e7\u00e3o continua do litoral do Paran\u00e1 -Brasil<\/p>\n\n\n\n<p class=\"has-small-font-size\"><a href=\"http:\/\/acervodigital.ufpr.br\/bitstream\/handle\/1884\/26253\/TESE_VERSAO_FINAL_EDMILSON%20A%20LOPES_PDF_2011.pdf\" target=\"_blank\" rel=\"noopener\"><img loading=\"lazy\" decoding=\"async\" class=\"alignnone wp-image-230\" src=\"https:\/\/terra.ufpr.br\/laboclima\/wp-content\/uploads\/sites\/3\/2017\/09\/icons8-download.png\" alt=\"\" width=\"15\" height=\"15\"><\/a>&nbsp; Edmilson Alves Lopes. Conflitos socioambientais urbanos no contexto da periferiza\u00e7\u00e3o da metropole: Uma perspectiva a partir das UTPs (Unidades de Planjeamento) da RMC &#8211; Regi\u00e3o Metropolitana de Curitiba<\/p>\n\n\n\n<p class=\"has-small-font-size\"><a href=\"http:\/\/www.geosaude.com\/resources\/denecir.pdf\" target=\"_blank\" rel=\"noopener\"><img loading=\"lazy\" decoding=\"async\" class=\"alignnone wp-image-230\" src=\"https:\/\/terra.ufpr.br\/laboclima\/wp-content\/uploads\/sites\/3\/2017\/09\/icons8-download.png\" alt=\"\" width=\"15\" height=\"15\"><\/a>&nbsp; Denecir de Almeida Dutra. Geografia da Sa\u00fade no Brasil: Arcabou\u00e7o te\u00f3rico-epistemol\u00f3gico, tem\u00e1ticas e desafios<\/p>\n\n\n\n<p class=\"has-small-font-size\"><a href=\"http:\/\/www.compassolugarcultura.com\/arquivodoc\/000782660.pdf\" target=\"_blank\" rel=\"noopener\"><img loading=\"lazy\" decoding=\"async\" class=\"alignnone wp-image-230\" src=\"https:\/\/terra.ufpr.br\/laboclima\/wp-content\/uploads\/sites\/3\/2017\/09\/icons8-download.png\" alt=\"\" width=\"15\" height=\"15\"><\/a>&nbsp; Ma\u00edra Suertegaray Rossato. Os climas do Rio Grande do Sul: Variabilidade, tend\u00eancia e tipologia<\/p>\n\n\n\n<p class=\"has-small-font-size\"><a href=\"http:\/\/acervodigital.ufpr.br\/bitstream\/handle\/1884\/30340\/R%20-%20T%20-%20RENATO%20TAVARES.pdf\" target=\"_blank\" rel=\"noopener\"><img loading=\"lazy\" decoding=\"async\" class=\"alignnone wp-image-230\" src=\"https:\/\/terra.ufpr.br\/laboclima\/wp-content\/uploads\/sites\/3\/2017\/09\/icons8-download.png\" alt=\"\" width=\"15\" height=\"15\"><\/a>&nbsp; Renato Tavares. Imbrica\u00e7\u00f5es entre os ritmos do clima e os ritmos da urbaniza\u00e7\u00e3o na forma\u00e7\u00e3o de risco e vulnerabilidade socioambientais a deslizamentos de terra na Serra do Mar &#8211; Ubatuba\/SP<\/p>\n\n\n\n<p class=\"has-small-font-size\"><a href=\"http:\/\/acervodigital.ufpr.br\/bitstream\/handle\/1884\/24084\/Tese_Aparecido%20Ribeiro%20de%20Andrade.pdf\" target=\"_blank\" rel=\"noopener\"><img loading=\"lazy\" decoding=\"async\" class=\"alignnone wp-image-230\" src=\"https:\/\/terra.ufpr.br\/laboclima\/wp-content\/uploads\/sites\/3\/2017\/09\/icons8-download.png\" alt=\"\" width=\"15\" height=\"15\"><\/a>&nbsp; Aparecido Ribeiro de Andrade. Articula\u00e7\u00f5es entre o clima urbano eo clima regional: Uma abordagem a partir da analise de Irati e Guarapuava\/PR<\/p>\n\n\n\n<p class=\"has-small-font-size\"><a href=\"https:\/\/repositorio.ufsc.br\/xmlui\/bitstream\/handle\/123456789\/92794\/263811.pdf\" target=\"_blank\" rel=\"noopener\"><img loading=\"lazy\" decoding=\"async\" class=\"alignnone wp-image-230\" src=\"https:\/\/terra.ufpr.br\/laboclima\/wp-content\/uploads\/sites\/3\/2017\/09\/icons8-download.png\" alt=\"\" width=\"15\" height=\"15\"><\/a>&nbsp; Erika Collischonn. Inunda\u00e7\u00f5es em Ven\u00e2ncio Aires\/RS: Intera\u00e7\u00f5es entre as din\u00e2micas natural e social na forma\u00e7\u00e3o de riscos socioambientais urbanos<\/p>\n\n\n\n<p class=\"has-small-font-size\"><a href=\"http:\/\/acervodigital.ufpr.br\/bitstream\/handle\/1884\/19995\/karin.pdf\" target=\"_blank\" rel=\"noopener\"><img loading=\"lazy\" decoding=\"async\" class=\"alignnone wp-image-230\" src=\"https:\/\/terra.ufpr.br\/laboclima\/wp-content\/uploads\/sites\/3\/2017\/09\/icons8-download.png\" alt=\"\" width=\"15\" height=\"15\"><\/a>&nbsp; Karin Kassmayer. Cidade, riscos e conflitos socioambientais urbanos: Desafios \u00e0 regulamenta\u00e7\u00e3o jur\u00eddica na perspectiva da justi\u00e7a ambiental<\/p>\n\n\n\n<p class=\"has-small-font-size\"><a href=\"http:\/\/acervodigital.ufpr.br\/bitstream\/handle\/1884\/21399\/TESE%20DANIEL%20RUBENS%20CENCI.pdf\" target=\"_blank\" rel=\"noopener\"><img loading=\"lazy\" decoding=\"async\" class=\"alignnone wp-image-230\" src=\"https:\/\/terra.ufpr.br\/laboclima\/wp-content\/uploads\/sites\/3\/2017\/09\/icons8-download.png\" alt=\"\" width=\"15\" height=\"15\"><\/a>&nbsp; Daniel Rubens Cenci. Conflitos socioambientais urbano-metropolitanos: Cidadania, sustentabilidade e gest\u00e3o no contexto da RMC &#8211; Regi\u00e3o Metropolitana de Curitiba\/PR.<\/p>\n\n\n\n<p class=\"has-small-font-size\"><a href=\"http:\/\/acervodigital.ufpr.br\/bitstream\/handle\/1884\/26057\/Tese%20completa%20versao%20final%20maio%202010.pdf\" target=\"_blank\" rel=\"noopener\"><img loading=\"lazy\" decoding=\"async\" class=\"alignnone wp-image-230\" src=\"https:\/\/terra.ufpr.br\/laboclima\/wp-content\/uploads\/sites\/3\/2017\/09\/icons8-download.png\" alt=\"\" width=\"15\" height=\"15\"><\/a>&nbsp; Elizabeth Muller Seraphim Prosser. Arte, representa\u00e7\u00f5es e conflitos no meio ambiente urbano: O graffiti em Curitiba (2004-2009)<\/p>\n\n\n\n<hr class=\"wp-block-separator has-alpha-channel-opacity\" \/>\n\n\n\n<p><strong>Disserta\u00e7\u00f5es de Mestrado<\/strong><\/p>\n\n\n\n<p class=\"has-small-font-size\"><a href=\"https:\/\/acervodigital.ufpr.br\/xmlui\/bitstream\/handle\/1884\/96116\/R%20-%20D%20-%20GUILHERME%20GONZATTO.pdf\" data-type=\"link\" data-id=\"https:\/\/acervodigital.ufpr.br\/xmlui\/handle\/1884\/97739\" target=\"_blank\" rel=\"noreferrer noopener\"><img loading=\"lazy\" decoding=\"async\" width=\"16\" height=\"16\" class=\"alignnone wp-image-230\" src=\"https:\/\/terra.ufpr.br\/laboclima\/wp-content\/uploads\/sites\/3\/2017\/09\/icons8-download.png\" alt=\"\"><\/a> Guilherme Gonzatto. An\u00e1lise das Secas e de seus padr\u00f5es espa\u00e7o-temporais no Estado Do Paran\u00e1. (2025).<\/p>\n\n\n\n<p class=\"has-small-font-size\"><a href=\"https:\/\/acervodigital.ufpr.br\/xmlui\/handle\/1884\/97739\" data-type=\"link\" data-id=\"https:\/\/acervodigital.ufpr.br\/xmlui\/handle\/1884\/97739\" target=\"_blank\" rel=\"noreferrer noopener\"><img loading=\"lazy\" decoding=\"async\" width=\"16\" height=\"16\" class=\"alignnone wp-image-230\" src=\"https:\/\/terra.ufpr.br\/laboclima\/wp-content\/uploads\/sites\/3\/2017\/09\/icons8-download.png\" alt=\"\"><\/a> Vera Cristina Scheller dos Santos Rocha. Din\u00e2mica das chuvas e disponibilidade h\u00eddrica em Campo Largo \u2013 PR : repercuss\u00f5es e alternativas no Bairro Ouro Verde. (2025).<\/p>\n\n\n\n<p class=\"has-small-font-size\"><a href=\"https:\/\/acervodigital.ufpr.br\/xmlui\/handle\/1884\/90249\" target=\"_blank\" rel=\"noreferrer noopener\"><img loading=\"lazy\" decoding=\"async\" width=\"16\" height=\"16\" class=\"alignnone wp-image-230\" src=\"https:\/\/terra.ufpr.br\/laboclima\/wp-content\/uploads\/sites\/3\/2017\/09\/icons8-download.png\" alt=\"\"><\/a> Giovanni Regazzo. Ciclomobilidade e clima urbano : avalia\u00e7\u00e3o de n\u00edveis de estresse t\u00e9rmico em deslocamentos cicl\u00edsticos na cidade de Curitiba, utilizando a tecnologia Arduino. (2024).<\/p>\n\n\n\n<p class=\"has-small-font-size\"><a href=\"https:\/\/acervodigital.ufpr.br\/xmlui\/handle\/1884\/89581\" data-type=\"link\" data-id=\"https:\/\/acervodigital.ufpr.br\/xmlui\/handle\/1884\/89581\" target=\"_blank\" rel=\"noreferrer noopener\"><img loading=\"lazy\" decoding=\"async\" width=\"16\" height=\"16\" class=\"alignnone wp-image-230\" src=\"https:\/\/terra.ufpr.br\/laboclima\/wp-content\/uploads\/sites\/3\/2017\/09\/icons8-download.png\" alt=\"\"><\/a> Rafaela Melissa Andrade Ferreira. Abordagem multifractal aplicada \u00e0 an\u00e1lise dos per\u00edodos secos e chuvosos na Regi\u00e3o Metropolitana do Recife-PE em anos recentes. (2024).<\/p>\n\n\n\n<p class=\"has-small-font-size\"><a href=\"https:\/\/acervodigital.ufpr.br\/xmlui\/handle\/1884\/89354\" data-type=\"link\" data-id=\"https:\/\/acervodigital.ufpr.br\/xmlui\/handle\/1884\/89354\" target=\"_blank\" rel=\"noreferrer noopener\"><img loading=\"lazy\" decoding=\"async\" width=\"16\" height=\"16\" class=\"alignnone wp-image-230\" src=\"https:\/\/terra.ufpr.br\/laboclima\/wp-content\/uploads\/sites\/3\/2017\/09\/icons8-download.png\" alt=\"\"><\/a> Luana Rudy. Clima e Rios Urbanos: as varia\u00e7\u00f5es do ritmo pluvial na bacia do rio Bel\u00e9m &#8211; Curitiba\/PR (2009 &#8211; 2022). (2023).<\/p>\n\n\n\n<p class=\"has-small-font-size\"><a href=\"https:\/\/acervodigital.ufpr.br\/handle\/1884\/79133\" data-type=\"link\" data-id=\"https:\/\/acervodigital.ufpr.br\/handle\/1884\/79133\" target=\"_blank\" rel=\"noreferrer noopener\"><img loading=\"lazy\" decoding=\"async\" width=\"16\" height=\"16\" class=\"alignnone wp-image-230\" src=\"https:\/\/terra.ufpr.br\/laboclima\/wp-content\/uploads\/sites\/3\/2017\/09\/icons8-download.png\" alt=\"\"><\/a> Karina Fl\u00e1via Ribeiro Matos. A Covid-19 no Distrito Federal &#8211; Brasil (2020-2021) : perspectiva geogr\u00e1fica dos determinantes e condicionantes socioambientais. (2022).<\/p>\n\n\n\n<p class=\"has-small-font-size\"><a href=\"https:\/\/acervodigital.ufpr.br\/handle\/1884\/61973\" target=\"_blank\" rel=\"noreferrer noopener\"><img loading=\"lazy\" decoding=\"async\" width=\"15\" height=\"15\" class=\"alignnone wp-image-230\" src=\"https:\/\/terra.ufpr.br\/laboclima\/wp-content\/uploads\/sites\/3\/2017\/09\/icons8-download.png\" alt=\"\"><\/a>&nbsp;Gabriela Goudard.&nbsp;Eventos pluviais extremos e riscos hidrometeorol\u00f3gicos h\u00edbridos na Bacia do Alto Igua\u00e7u (Paran\u00e1). (2019).<\/p>\n\n\n\n<p class=\"has-small-font-size\"><a href=\"https:\/\/acervodigital.ufpr.br\/handle\/1884\/43110\" target=\"_blank\" rel=\"noreferrer noopener\"><img loading=\"lazy\" decoding=\"async\" width=\"15\" height=\"15\" class=\"alignnone wp-image-230\" src=\"https:\/\/terra.ufpr.br\/laboclima\/wp-content\/uploads\/sites\/3\/2017\/09\/icons8-download.png\" alt=\"\"><\/a>&nbsp; Elaiz Aparecida Mensch Buffon. A leptospirose humana no AU-RMC (aglomerado urbano da regi\u00e3o metropolitana de Curitiba\/PR): risco e vulnerabilidade socioambiental. (2016).<\/p>\n\n\n\n<p class=\"has-small-font-size\"><a href=\"https:\/\/acervodigital.ufpr.br\/handle\/1884\/39330\" target=\"_blank\" rel=\"noreferrer noopener\"><img loading=\"lazy\" decoding=\"async\" width=\"15\" height=\"15\" class=\"alignnone wp-image-230\" src=\"https:\/\/terra.ufpr.br\/laboclima\/wp-content\/uploads\/sites\/3\/2017\/09\/icons8-download.png\" alt=\"\"><\/a>&nbsp; Thiago Kich Foga\u00e7a. Dengue: Circula\u00e7\u00e3o viral e a epidemia de Paranava\u00ed\/PR. (2015).<\/p>\n\n\n\n<p class=\"has-small-font-size\"><img loading=\"lazy\" decoding=\"async\" class=\"alignnone wp-image-230\" src=\"https:\/\/terra.ufpr.br\/laboclima\/wp-content\/uploads\/sites\/3\/2017\/09\/icons8-download.png\" alt=\"\" width=\"15\" height=\"15\">&nbsp; Jorge Luis Araujo de Campos. A dengue em Santa Catarina e Joinville: Condicionantes socioambientais e o risco de epidemias<\/p>\n\n\n\n<p class=\"has-small-font-size\"><a href=\"http:\/\/acervodigital.ufpr.br\/bitstream\/handle\/1884\/37137\/R%20-%20D%20-%20WIVIANY%20MATTOZO%20DE%20ARAUJO.pdf\" target=\"_blank\" rel=\"noopener\"><img loading=\"lazy\" decoding=\"async\" class=\"alignnone wp-image-230\" src=\"https:\/\/terra.ufpr.br\/laboclima\/wp-content\/uploads\/sites\/3\/2017\/09\/icons8-download.png\" alt=\"\" width=\"15\" height=\"15\"><\/a>&nbsp; Wiviany Mattozo. Pol\u00edticas p\u00fablicas de controle da dengue no Estado do Paran\u00e1: Uma abordagem geogr\u00e1fica. 2013<\/p>\n\n\n\n<p class=\"has-small-font-size\"><a href=\"http:\/\/acervodigital.ufpr.br\/bitstream\/handle\/1884\/24276\/Larissa_Warnavin_Discurso_Ambiental_Geografia_Brasileira.pdf\" target=\"_blank\" rel=\"noopener\"><img loading=\"lazy\" decoding=\"async\" class=\"alignnone wp-image-230\" src=\"https:\/\/terra.ufpr.br\/laboclima\/wp-content\/uploads\/sites\/3\/2017\/09\/icons8-download.png\" alt=\"\" width=\"15\" height=\"15\"><\/a>&nbsp; Larissa Warnavin. O discurso ambiental na geografia brasileira: Uma abordagem a partir da Revista Brasileira de Geografia (1941-2005)<\/p>\n\n\n\n<p class=\"has-small-font-size\"><a href=\"http:\/\/acervodigital.ufpr.br\/bitstream\/handle\/1884\/26063\/Dissertacao%20VERSAO%20FINAL%20-%20Aquino%20Junior%2c%20J.pdf\" target=\"_blank\" rel=\"noopener\"><img loading=\"lazy\" decoding=\"async\" class=\"alignnone wp-image-230\" src=\"https:\/\/terra.ufpr.br\/laboclima\/wp-content\/uploads\/sites\/3\/2017\/09\/icons8-download.png\" alt=\"\" width=\"15\" height=\"15\"><\/a>&nbsp; Jose Aquino Junior. A dengue na \u00e1rea urbana continua de Maring\u00e1\/PR: Uma abordagem socioambiental da epidemia de 2006\/2007<\/p>\n\n\n\n<p class=\"has-small-font-size\"><a href=\"http:\/\/acervodigital.ufpr.br\/bitstream\/handle\/1884\/21521\/dissertacao_felipe.pdf\" target=\"_blank\" rel=\"noopener\"><img loading=\"lazy\" decoding=\"async\" class=\"alignnone wp-image-230\" src=\"https:\/\/terra.ufpr.br\/laboclima\/wp-content\/uploads\/sites\/3\/2017\/09\/icons8-download.png\" alt=\"\" width=\"15\" height=\"15\"><\/a>&nbsp; Felipe Vanhoni Jorge. Fachada Atl\u00e2ntica Sul do Brasil: Din\u00e2mica e tend\u00eancias clim\u00e1ticas regionais no contexto das mudan\u00e7as clim\u00e1ticas<\/p>\n\n\n\n<p class=\"has-small-font-size\"><a href=\"http:\/\/acervodigital.ufpr.br\/bitstream\/handle\/1884\/21554\/Dissertacao_LeandroPinto.pdf\" target=\"_blank\" rel=\"noopener\"><img loading=\"lazy\" decoding=\"async\" class=\"alignnone wp-image-230\" src=\"https:\/\/terra.ufpr.br\/laboclima\/wp-content\/uploads\/sites\/3\/2017\/09\/icons8-download.png\" alt=\"\" width=\"15\" height=\"15\"><\/a>&nbsp; Leandro Rafael Pinto. Loxoscelismo em Curitiba\/PR: Uma abordagem geogr\u00e1fica<\/p>\n\n\n\n<p class=\"has-small-font-size\"><a href=\"http:\/\/acervodigital.ufpr.br\/bitstream\/handle\/1884\/16360\/Disserta%C3%A7%C3%A3o%20Kalina%20Springer.pdf\" target=\"_blank\" rel=\"noopener\"><img loading=\"lazy\" decoding=\"async\" class=\"alignnone wp-image-230\" src=\"https:\/\/terra.ufpr.br\/laboclima\/wp-content\/uploads\/sites\/3\/2017\/09\/icons8-download.png\" alt=\"\" width=\"15\" height=\"15\"><\/a>&nbsp; Kalina Salaib Springer. Concep\u00e7\u00f5es de natureza na geografia: Reflex\u00f5es a partir da produ\u00e7\u00e3o cient\u00edfica do PPGeog-UFPR<\/p>\n\n\n\n<p class=\"has-small-font-size\"><a href=\"http:\/\/acervodigital.ufpr.br\/bitstream\/handle\/1884\/8806\/EVOLU%C3%87%C3%83O%20CLIM%C3%81TICA%20DO%20ESTADO%20DO%20PARAN%C3%81%201970-1999%20-%20Mozart%20Nogarolli.PDF\" target=\"_blank\" rel=\"noopener\"><img loading=\"lazy\" decoding=\"async\" class=\"alignnone wp-image-230\" src=\"https:\/\/terra.ufpr.br\/laboclima\/wp-content\/uploads\/sites\/3\/2017\/09\/icons8-download.png\" alt=\"\" width=\"15\" height=\"15\"><\/a>&nbsp; Mozart Nogaroli. Evolu\u00e7\u00e3o clim\u00e1tica do Estado do Paran\u00e1 (1970-1999)<\/p>\n\n\n\n<p class=\"has-small-font-size\"><a href=\"http:\/\/acervodigital.ufpr.br\/bitstream\/handle\/1884\/7557\/Marcia%20Maria%20Fernandes%20de%20Oliveira.pdf\" target=\"_blank\" rel=\"noopener\"><img loading=\"lazy\" decoding=\"async\" class=\"alignnone wp-image-230\" src=\"https:\/\/terra.ufpr.br\/laboclima\/wp-content\/uploads\/sites\/3\/2017\/09\/icons8-download.png\" alt=\"\" width=\"15\" height=\"15\"><\/a>&nbsp; Marcia Maria Fernandes de Oliveira. Condicionantes socioambientais urbanos da incid\u00eancia da dengue na cidade de Londrina\/PR<\/p>\n\n\n\n<p class=\"has-small-font-size\"><a href=\"http:\/\/acervodigital.ufpr.br\/bitstream\/handle\/1884\/3934\/marcio%20hassler.pdf\" target=\"_blank\" rel=\"noopener\"><img loading=\"lazy\" decoding=\"async\" class=\"alignnone wp-image-230\" src=\"https:\/\/terra.ufpr.br\/laboclima\/wp-content\/uploads\/sites\/3\/2017\/09\/icons8-download.png\" alt=\"\" width=\"15\" height=\"15\"><\/a>&nbsp; Marcio Luiz Hassler. A natureza na cidade: Uma abordagem a partir da percep\u00e7\u00e3o da popula\u00e7\u00e3o acerca do Jardim Bot\u00e2nico de Curitiba\/PR<\/p>\n\n\n\n<p class=\"has-small-font-size\"><a href=\"http:\/\/acervodigital.ufpr.br\/bitstream\/handle\/1884\/1879\/Eduardo%20Vedor%20de%20Paula.pdf\" target=\"_blank\" rel=\"noopener\"><img loading=\"lazy\" decoding=\"async\" class=\"alignnone wp-image-230\" src=\"https:\/\/terra.ufpr.br\/laboclima\/wp-content\/uploads\/sites\/3\/2017\/09\/icons8-download.png\" alt=\"\" width=\"15\" height=\"15\"><\/a>&nbsp; Eduardo Vedor de Paula. Dengue: Uma an\u00e1lise climato-geogr\u00e1fica de sua manifesta\u00e7\u00e3o no Estado do Parana (1996 -2003)<\/p>\n\n\n\n<p class=\"has-small-font-size\"><img loading=\"lazy\" decoding=\"async\" class=\"alignnone wp-image-230\" src=\"https:\/\/terra.ufpr.br\/laboclima\/wp-content\/uploads\/sites\/3\/2017\/09\/icons8-download.png\" alt=\"\" width=\"15\" height=\"15\">&nbsp; Mozart Nogaroli. Repercuss\u00f5es socioecon\u00f4micas do aquecimento global no Paran\u00e1<\/p>\n\n\n\n<p class=\"has-small-font-size\"><img loading=\"lazy\" decoding=\"async\" class=\"alignnone wp-image-230\" src=\"https:\/\/terra.ufpr.br\/laboclima\/wp-content\/uploads\/sites\/3\/2017\/09\/icons8-download.png\" alt=\"\" width=\"15\" height=\"15\">&nbsp; Claudio Jesus de Oliveira Esteves. Turismo e qualidade da \u00e1gua na Ilha do Mel (Litoral do Paran\u00e1)<\/p>\n\n\n\n<p class=\"has-small-font-size\"><img loading=\"lazy\" decoding=\"async\" class=\"alignnone wp-image-230\" src=\"https:\/\/terra.ufpr.br\/laboclima\/wp-content\/uploads\/sites\/3\/2017\/09\/icons8-download.png\" alt=\"\" width=\"15\" height=\"15\">&nbsp; Denise Pinheiro Francisco. Danos socioambientais urbanos em Curitiba: Uma abordagem geogr\u00e1fica<\/p>\n\n\n\n<p class=\"has-small-font-size\"><img loading=\"lazy\" decoding=\"async\" class=\"alignnone wp-image-230\" src=\"https:\/\/terra.ufpr.br\/laboclima\/wp-content\/uploads\/sites\/3\/2017\/09\/icons8-download.png\" alt=\"\" width=\"15\" height=\"15\">&nbsp; Fabiano Saraiva. A unidade de paisagem da Serra do Mar\/PR: Perspectiva de abordagem a partir do Geossistema<\/p>\n\n\n\n<p class=\"has-small-font-size\"><a href=\"http:\/\/acervodigital.ufpr.br\/bitstream\/handle\/1884\/2372\/DISS_MES_JMZEM.pdf\" target=\"_blank\" rel=\"noopener\"><img loading=\"lazy\" decoding=\"async\" class=\"alignnone wp-image-230\" src=\"https:\/\/terra.ufpr.br\/laboclima\/wp-content\/uploads\/sites\/3\/2017\/09\/icons8-download.png\" alt=\"\" width=\"15\" height=\"15\"><\/a>&nbsp; Jos\u00e9 Moacir Zem. Intera\u00e7\u00f5es entre a temperatura do ar e a incid\u00eancia de doen\u00e7as respirat\u00f3rias na popula\u00e7\u00e3o infantil da cidade de S\u00e3o Jos\u00e9 dos Pinhais<\/p>\n\n\n\n<p class=\"has-small-font-size\"><img loading=\"lazy\" decoding=\"async\" class=\"alignnone wp-image-230\" src=\"https:\/\/terra.ufpr.br\/laboclima\/wp-content\/uploads\/sites\/3\/2017\/09\/icons8-download.png\" alt=\"\" width=\"15\" height=\"15\">&nbsp; Sonia Burmester do Amaral. Aspectos da rela\u00e7\u00e3o entre uso-ocupa\u00e7\u00e3o do solo e a qualidade da \u00e1gua na bacia do rio Pequeno &#8211; S\u00e3o Jos\u00e9 dos Pinhais\/PR<\/p>\n\n\n\n<p class=\"has-small-font-size\"><img loading=\"lazy\" decoding=\"async\" class=\"alignnone wp-image-230\" src=\"https:\/\/terra.ufpr.br\/laboclima\/wp-content\/uploads\/sites\/3\/2017\/09\/icons8-download.png\" alt=\"\" width=\"15\" height=\"15\">&nbsp; Rivail Vanin de Andrade. A produ\u00e7\u00e3o dos parques e bosques p\u00fablicos na cidade de Curitiba\/PR<\/p>\n\n\n\n<p class=\"has-small-font-size\"><img loading=\"lazy\" decoding=\"async\" class=\"alignnone wp-image-230\" src=\"https:\/\/terra.ufpr.br\/laboclima\/wp-content\/uploads\/sites\/3\/2017\/09\/icons8-download.png\" alt=\"\" width=\"15\" height=\"15\">&nbsp; C\u00e1ssia Dias Teixeira. Degrada\u00e7\u00e3o ambiental na bacia do rio Vila Formosa &#8211; Curitiba\/PR: Zoneamento e contribui\u00e7\u00e3o ao planejamento urbano<\/p>\n\n\n\n<p class=\"has-small-font-size\"><img loading=\"lazy\" decoding=\"async\" class=\"alignnone wp-image-230\" src=\"https:\/\/terra.ufpr.br\/laboclima\/wp-content\/uploads\/sites\/3\/2017\/09\/icons8-download.png\" alt=\"\" width=\"15\" height=\"15\">&nbsp; Dirce Grando Dias Santis. Impactos de inunda\u00e7\u00f5es em \u00e1reas urbanas: O caso de Francisco Beltr\u00e3o\/PR<\/p>\n\n\n\n<p class=\"has-small-font-size\"><img loading=\"lazy\" decoding=\"async\" class=\"alignnone wp-image-230\" src=\"https:\/\/terra.ufpr.br\/laboclima\/wp-content\/uploads\/sites\/3\/2017\/09\/icons8-download.png\" alt=\"\" width=\"15\" height=\"15\">&nbsp; Erika Collischonn. O Campo T\u00e9rmico da RMPA (Regi\u00e3o Metropoitana de Porto Alegre)\/RS: avalia\u00e7\u00e3o a partir da intera\u00e7\u00e3o dos fatores geoecol\u00f3gicos na defini\u00e7\u00e3o do clima local<\/p>\n","protected":false},"excerpt":{"rendered":"<p>Teses de Doutorado &nbsp; Emerson Pawoski. Inunda\u00e7\u00f5es repentinas em Morretes\/PR &#8211; Caracter\u00edsticas, controle e solu\u00e7\u00f5es baseadas na natureza. (2024). &nbsp; Gabriela Goudard. Intera\u00e7\u00f5es oceano-atmosfera e efeitos na variabilidade pluvial do clima Subtropical brasileiro. (2023). &nbsp; Geisa Silveira da Rocha. A ilha de calor em ambiente costeiro e insular: O caso de Florian\u00f3polis \/ SC. (2021). [&hellip;]<\/p>\n","protected":false},"author":1318,"featured_media":0,"parent":0,"menu_order":0,"comment_status":"closed","ping_status":"closed","template":"","meta":{"footnotes":""},"class_list":["post-119","page","type-page","status-publish","hentry"],"_links":{"self":[{"href":"https:\/\/terra.ufpr.br\/laboclima\/wp-json\/wp\/v2\/pages\/119"}],"collection":[{"href":"https:\/\/terra.ufpr.br\/laboclima\/wp-json\/wp\/v2\/pages"}],"about":[{"href":"https:\/\/terra.ufpr.br\/laboclima\/wp-json\/wp\/v2\/types\/page"}],"author":[{"embeddable":true,"href":"https:\/\/terra.ufpr.br\/laboclima\/wp-json\/wp\/v2\/users\/1318"}],"replies":[{"embeddable":true,"href":"https:\/\/terra.ufpr.br\/laboclima\/wp-json\/wp\/v2\/comments?post=119"}],"version-history":[{"count":127,"href":"https:\/\/terra.ufpr.br\/laboclima\/wp-json\/wp\/v2\/pages\/119\/revisions"}],"predecessor-version":[{"id":6944,"href":"https:\/\/terra.ufpr.br\/laboclima\/wp-json\/wp\/v2\/pages\/119\/revisions\/6944"}],"wp:attachment":[{"href":"https:\/\/terra.ufpr.br\/laboclima\/wp-json\/wp\/v2\/media?parent=119"}],"curies":[{"name":"wp","href":"https:\/\/api.w.org\/{rel}","templated":true}]}}