{"id":6301,"date":"2024-06-05T11:55:05","date_gmt":"2024-06-05T14:55:05","guid":{"rendered":"https:\/\/terra.ufpr.br\/laboclima\/?page_id=6301"},"modified":"2026-02-06T16:47:47","modified_gmt":"2026-02-06T19:47:47","slug":"equipe-e-fotografias","status":"publish","type":"page","link":"https:\/\/terra.ufpr.br\/laboclima\/equipe-e-fotografias\/","title":{"rendered":"Equipe e Fotografias do Projeto"},"content":{"rendered":"\n<p><strong>Projeto Nimbus: Equipe e Fotografias do Projeto<\/strong><\/p>\n\n\n\n<p><strong>1)<\/strong>&nbsp;O Projeto de Extens\u00e3o \u201cA Esta\u00e7\u00e3o Meteorol\u00f3gica como ferramenta para Ensino, Pesquisa e Extens\u00e3o\u201d, que teve in\u00edcio em fevereiro de 2020 e adotou posteriormente a denomina\u00e7\u00e3o Projeto Nimbus (2024) \u2013 do latim, Nuvem de Chuva (PEX-00001139 \u2013&nbsp;<a href=\"http:\/\/www.proec.ufpr.br\/\">PROEC-UFPR<\/a>). <strong>Equipe atual &#8211; 2026<\/strong>:<\/p>\n\n\n\n<p>Em atualiza\u00e7\u00e3o<\/p>\n\n\n\n<p><strong>2)<\/strong>&nbsp;\u201cNimbus na Educa\u00e7\u00e3o B\u00e1sica: o ensino do Clima da teoria \u00e0 pr\u00e1tica\u201d, Projeto de Ensino vinculado ao Programa Licenciar (<a href=\"http:\/\/www.prograd.ufpr.br\/portal\/\">PROGRAD-UFPR<\/a>). <strong>Equipe atual &#8211; 2026:<\/strong><\/p>\n\n\n\n<p>Em atualiza\u00e7\u00e3o<\/p>\n\n\n\n<p class=\"has-text-align-right\">.<\/p>\n\n\n\n<p><strong>Algumas Fotografias do Projeto NIMBUS<\/strong>:<\/p>\n\n\n\n<figure class=\"wp-block-image size-large is-resized\"><img loading=\"lazy\" decoding=\"async\" width=\"1024\" height=\"766\" src=\"https:\/\/terra.ufpr.br\/laboclima\/wp-content\/uploads\/sites\/3\/2024\/06\/01-imagem-fotografia-1-1024x766.jpeg\" alt=\"\" class=\"wp-image-6309\" style=\"width:840px;height:auto\" srcset=\"https:\/\/terra.ufpr.br\/laboclima\/wp-content\/uploads\/sites\/3\/2024\/06\/01-imagem-fotografia-1-1024x766.jpeg 1024w, https:\/\/terra.ufpr.br\/laboclima\/wp-content\/uploads\/sites\/3\/2024\/06\/01-imagem-fotografia-1-300x225.jpeg 300w, https:\/\/terra.ufpr.br\/laboclima\/wp-content\/uploads\/sites\/3\/2024\/06\/01-imagem-fotografia-1-768x575.jpeg 768w, https:\/\/terra.ufpr.br\/laboclima\/wp-content\/uploads\/sites\/3\/2024\/06\/01-imagem-fotografia-1.jpeg 1280w\" sizes=\"(max-width: 1024px) 100vw, 1024px\" \/><\/figure>\n\n\n\n<blockquote class=\"wp-block-quote is-layout-flow wp-block-quote-is-layout-flow\">\n<p class=\"has-text-align-center\">Grava\u00e7\u00e3o de conte\u00fados na Esta\u00e7\u00e3o Meteorol\u00f3gica durante a Pandemia de Covid-19 (ano 2021)<\/p>\n<\/blockquote>\n\n\n\n<p class=\"has-text-align-center\"><\/p>\n\n\n\n<figure class=\"wp-block-embed aligncenter is-type-video is-provider-youtube wp-block-embed-youtube wp-embed-aspect-16-9 wp-has-aspect-ratio\"><div class=\"wp-block-embed__wrapper\">\n<iframe loading=\"lazy\" title=\"SIEPE 2023 - NIMBUS NA EDUCA\u00c7\u00c3O B\u00c1SICA: O ENSINO DO CLIMA DA TEORIA \u00c0 PR\u00c1TICA.\" width=\"500\" height=\"281\" src=\"https:\/\/www.youtube.com\/embed\/lOvs1o1nkSQ?feature=oembed\" frameborder=\"0\" allow=\"accelerometer; autoplay; clipboard-write; encrypted-media; gyroscope; picture-in-picture; web-share\" referrerpolicy=\"strict-origin-when-cross-origin\" allowfullscreen><\/iframe>\n<\/div><figcaption class=\"wp-element-caption\">SIEPE 2023 &#8211; NIMBUS NA EDUCA\u00c7\u00c3O B\u00c1SICA: O ENSINO DO CLIMA DA TEORIA \u00c0 PR\u00c1TICA.<br><\/figcaption><\/figure>\n\n\n\n<figure class=\"wp-block-embed is-type-video is-provider-youtube wp-block-embed-youtube wp-embed-aspect-16-9 wp-has-aspect-ratio\"><div class=\"wp-block-embed__wrapper\">\n<iframe loading=\"lazy\" title=\"SIEPE 2022 - O Ensino do Clima em Sala de Aula: da teoria \u00e0 pr\u00e1tica na educa\u00e7\u00e3o b\u00e1sica\" width=\"500\" height=\"281\" src=\"https:\/\/www.youtube.com\/embed\/jVIu_Rr-LEI?feature=oembed\" frameborder=\"0\" allow=\"accelerometer; autoplay; clipboard-write; encrypted-media; gyroscope; picture-in-picture; web-share\" referrerpolicy=\"strict-origin-when-cross-origin\" allowfullscreen><\/iframe>\n<\/div><figcaption class=\"wp-element-caption\">SIEPE 2022 &#8211; O Ensino do Clima em Sala de Aula: da teoria \u00e0 pr\u00e1tica na educa\u00e7\u00e3o b\u00e1sica<\/figcaption><\/figure>\n\n\n\n<p><\/p>\n","protected":false},"excerpt":{"rendered":"<p>Projeto Nimbus: Equipe e Fotografias do Projeto 1)&nbsp;O Projeto de Extens\u00e3o \u201cA Esta\u00e7\u00e3o Meteorol\u00f3gica como ferramenta para Ensino, Pesquisa e Extens\u00e3o\u201d, que teve in\u00edcio em fevereiro de 2020 e adotou posteriormente a denomina\u00e7\u00e3o Projeto Nimbus (2024) \u2013 do latim, Nuvem de Chuva (PEX-00001139 \u2013&nbsp;PROEC-UFPR). Equipe atual &#8211; 2026: Em atualiza\u00e7\u00e3o 2)&nbsp;\u201cNimbus na Educa\u00e7\u00e3o B\u00e1sica: o [&hellip;]<\/p>\n","protected":false},"author":1324,"featured_media":0,"parent":0,"menu_order":0,"comment_status":"closed","ping_status":"closed","template":"","meta":{"footnotes":""},"class_list":["post-6301","page","type-page","status-publish","hentry"],"_links":{"self":[{"href":"https:\/\/terra.ufpr.br\/laboclima\/wp-json\/wp\/v2\/pages\/6301"}],"collection":[{"href":"https:\/\/terra.ufpr.br\/laboclima\/wp-json\/wp\/v2\/pages"}],"about":[{"href":"https:\/\/terra.ufpr.br\/laboclima\/wp-json\/wp\/v2\/types\/page"}],"author":[{"embeddable":true,"href":"https:\/\/terra.ufpr.br\/laboclima\/wp-json\/wp\/v2\/users\/1324"}],"replies":[{"embeddable":true,"href":"https:\/\/terra.ufpr.br\/laboclima\/wp-json\/wp\/v2\/comments?post=6301"}],"version-history":[{"count":10,"href":"https:\/\/terra.ufpr.br\/laboclima\/wp-json\/wp\/v2\/pages\/6301\/revisions"}],"predecessor-version":[{"id":6929,"href":"https:\/\/terra.ufpr.br\/laboclima\/wp-json\/wp\/v2\/pages\/6301\/revisions\/6929"}],"wp:attachment":[{"href":"https:\/\/terra.ufpr.br\/laboclima\/wp-json\/wp\/v2\/media?parent=6301"}],"curies":[{"name":"wp","href":"https:\/\/api.w.org\/{rel}","templated":true}]}}